{"id":171,"date":"2021-08-12T07:07:45","date_gmt":"2021-08-12T07:07:45","guid":{"rendered":"https:\/\/frauenaerztinnen-im-hain.de\/?page_id=171"},"modified":"2026-01-16T16:40:11","modified_gmt":"2026-01-16T16:40:11","slug":"ueber-uns","status":"publish","type":"page","link":"https:\/\/frauenaerztinnen-im-hain.de\/","title":{"rendered":"\u00dcber Uns"},"content":{"rendered":"<p>[et_pb_section fb_built=&#8220;1&#8243; fullwidth=&#8220;on&#8220; _builder_version=&#8220;4.16&#8243; _module_preset=&#8220;default&#8220; box_shadow_style=&#8220;preset2&#8243; global_colors_info=&#8220;{}&#8220;][et_pb_fullwidth_slider _builder_version=&#8220;4.16&#8243; _module_preset=&#8220;default&#8220; header_font_size=&#8220;60px&#8220; hover_transition_duration=&#8220;500ms&#8220; text_shadow_style=&#8220;preset2&#8243; global_colors_info=&#8220;{}&#8220;][et_pb_slide heading=&#8220;Herzlich Willkommen bei den Frauen\u00e4rztinnen im Hain!&#8220; _builder_version=&#8220;4.16&#8243; _module_preset=&#8220;default&#8220; header_font_size=&#8220;73px&#8220; background_color=&#8220;#FFFFFF&#8220; background_enable_color=&#8220;on&#8220; background_image=&#8220;https:\/\/frauenaerztinnen-im-hain.de\/wp-content\/uploads\/2021\/11\/Praxis-FiH-011_6.jpg&#8220; background_enable_image=&#8220;on&#8220; header_font_size_tablet=&#8220;44px&#8220; header_font_size_phone=&#8220;30px&#8220; header_font_size_last_edited=&#8220;on|desktop&#8220; text_shadow_style=&#8220;preset1&#8243; global_colors_info=&#8220;{}&#8220; sticky_transition=&#8220;on&#8220;][\/et_pb_slide][et_pb_slide _builder_version=&#8220;4.16&#8243; _module_preset=&#8220;default&#8220; background_color=&#8220;#FFFFFF&#8220; background_enable_color=&#8220;on&#8220; background_image=&#8220;https:\/\/frauenaerztinnen-im-hain.de\/wp-content\/uploads\/2021\/11\/Praxis-FiH-094_cropped_6.jpg&#8220; background_enable_image=&#8220;on&#8220; global_colors_info=&#8220;{}&#8220; sticky_transition=&#8220;on&#8220;][\/et_pb_slide][et_pb_slide _builder_version=&#8220;4.16&#8243; _module_preset=&#8220;default&#8220; background_color=&#8220;#FFFFFF&#8220; background_enable_color=&#8220;on&#8220; background_image=&#8220;https:\/\/frauenaerztinnen-im-hain.de\/wp-content\/uploads\/2021\/11\/Praxis-FiH-022_2_FUssZEILE.jpg&#8220; background_enable_image=&#8220;on&#8220; global_colors_info=&#8220;{}&#8220; sticky_transition=&#8220;on&#8220;][\/et_pb_slide][et_pb_slide _builder_version=&#8220;4.16&#8243; _module_preset=&#8220;default&#8220; background_color=&#8220;#FFFFFF&#8220; background_enable_color=&#8220;on&#8220; background_image=&#8220;https:\/\/frauenaerztinnen-im-hain.de\/wp-content\/uploads\/2021\/11\/Praxis-FiH-008_2.jpg&#8220; background_enable_image=&#8220;on&#8220; global_colors_info=&#8220;{}&#8220; sticky_transition=&#8220;on&#8220;][\/et_pb_slide][et_pb_slide _builder_version=&#8220;4.16&#8243; _module_preset=&#8220;default&#8220; background_color=&#8220;#FFFFFF&#8220; background_enable_color=&#8220;on&#8220; background_image=&#8220;https:\/\/frauenaerztinnen-im-hain.de\/wp-content\/uploads\/2021\/11\/Praxis-FiH-013_6.jpg&#8220; background_enable_image=&#8220;on&#8220; background_position=&#8220;top_center&#8220; global_colors_info=&#8220;{}&#8220; sticky_transition=&#8220;on&#8220;][\/et_pb_slide][\/et_pb_fullwidth_slider][\/et_pb_section][et_pb_section fb_built=&#8220;1&#8243; _builder_version=&#8220;4.16&#8243; _module_preset=&#8220;default&#8220; global_colors_info=&#8220;{}&#8220;][et_pb_row disabled_on=&#8220;off|off|off&#8220; admin_label=&#8220;Urlaubsvertretung&#8220; _builder_version=&#8220;4.20.0&#8243; _module_preset=&#8220;default&#8220; background_color=&#8220;#FFFFFF&#8220; custom_margin=&#8220;||30px||false|false&#8220; custom_padding=&#8220;|20px||20px|false|false&#8220; border_radii=&#8220;on|10px|10px|10px|10px&#8220; border_width_all=&#8220;2px&#8220; border_color_all=&#8220;#cc9966&#8243; box_shadow_style=&#8220;preset1&#8243; collapsed=&#8220;off&#8220; global_colors_info=&#8220;{}&#8220;][et_pb_column type=&#8220;4_4&#8243; _builder_version=&#8220;4.20.0&#8243; _module_preset=&#8220;default&#8220; global_colors_info=&#8220;{}&#8220;][et_pb_text admin_label=&#8220;Text&#8220; _builder_version=&#8220;4.20.0&#8243; _module_preset=&#8220;default&#8220; hover_enabled=&#8220;0&#8243; global_colors_info=&#8220;{}&#8220; disabled_on=&#8220;on|on|on&#8220; disabled=&#8220;on&#8220; sticky_enabled=&#8220;0&#8243;]<\/p>\n<h3>Liebe Patientinnen,<\/h3>\n<p>wir haben Weihnachtsurlaub vom 22.12. &#8211; 26.12.2025.<br \/>Unsere Vertretung \u00fcbernimmt:<\/p>\n<p><strong>Frauen\u00e4rztin Elisabeth Oettinger<\/strong><br \/>Willy-Lessing-Stra\u00dfe 1<br \/>96047 Bamberg<br \/>Telefon: 0951\/9184430<\/p>\n<p><em><br \/>Am Wochenende und an den Feiertagen k\u00f6nnen Sie sich in dringenden Notf\u00e4llen unter der Telefonnummer 116 117 beim gyn\u00e4kologischen Bereitschaftsdienst melden.<\/em><\/p>\n<p>Wir w\u00fcnschen allen unseren Patientinnen und Ihren Familien ein entspanntes und fr\u00f6hliches Weihnachtsfest sowie einen guten Start ins neue Jahr.<\/p>\n<h3 style=\"text-align: right;\"><em>Ihr Praxisteam<\/em><\/h3>\n<p>[\/et_pb_text][et_pb_text _builder_version=&#8220;4.20.0&#8243; _module_preset=&#8220;default&#8220; hover_enabled=&#8220;0&#8243; sticky_enabled=&#8220;0&#8243;]<\/p>\n<p style=\"text-align: center;\">Der Online Terminservice ist voraussichtlich ab dem Herbst 2026 erst wieder m\u00f6glich, wir bitten um Ihr Verst\u00e4ndnis.<\/p>\n<p>[\/et_pb_text][\/et_pb_column][\/et_pb_row][et_pb_row _builder_version=&#8220;4.16&#8243; _module_preset=&#8220;default&#8220; animation_style=&#8220;fade&#8220; global_colors_info=&#8220;{}&#8220;][et_pb_column type=&#8220;4_4&#8243; _builder_version=&#8220;4.16&#8243; _module_preset=&#8220;default&#8220; global_colors_info=&#8220;{}&#8220;][et_pb_button button_url=&#8220;https:\/\/webtermin.medatixx.de\/#\/6ab0f3c7-d92e-4ef7-ae4b-638fa7e49f90&#8243; url_new_window=&#8220;on&#8220; button_text=&#8220;Online Terminvereinbarung&#8220; button_alignment=&#8220;center&#8220; _builder_version=&#8220;4.20.0&#8243; _module_preset=&#8220;default&#8220; hover_enabled=&#8220;0&#8243; global_colors_info=&#8220;{}&#8220; disabled_on=&#8220;on|on|on&#8220; disabled=&#8220;on&#8220; sticky_enabled=&#8220;0&#8243;][\/et_pb_button][et_pb_text _builder_version=&#8220;4.20.0&#8243; _module_preset=&#8220;default&#8220; global_colors_info=&#8220;{}&#8220;]<\/p>\n<p>&nbsp;<\/p>\n<p>&nbsp;<\/p>\n<p>[\/et_pb_text][et_pb_text _builder_version=&#8220;4.16&#8243; _module_preset=&#8220;default&#8220; custom_margin=&#8220;||50px|||&#8220; global_colors_info=&#8220;{}&#8220;]<\/p>\n<blockquote>\n<h4 class=\"p1\"><span class=\"s1\">Wir freuen uns sehr, Sie in unserer neuen gyn\u00e4kologischen Praxis begr\u00fc\u00dfen zu d\u00fcrfen! <\/span>Gemeinsam m\u00f6chten wir Ihnen hier einen Ort bieten, an dem Sie sich vor allem <mark3> gut aufgehoben f\u00fchlen<\/mark3> \u2013 fachlich und menschlich. Und das in einer sch\u00f6nen Umgebung, in der Sie sich wohlf\u00fchlen.<br \/><span class=\"s1\"><\/span><\/h4>\n<\/blockquote>\n<p class=\"p1\"><span class=\"s1\"><\/span><\/p>\n<p class=\"p1\"><span class=\"s1\">In der Sch\u00fctzenstra\u00dfe beginnen wir als Ihre Frauen\u00e4rztinnen im Hain einen Neustart zu Dritt. Unser Team und wir freuen uns darauf, miteinander zu arbeiten und Sie mit Freude und Aufmerksamkeit zu betreuen.<\/span><\/p>\n<p class=\"p1\"><span class=\"s1\"><\/span><\/p>\n<p class=\"p1\"><span class=\"s1\"><\/span><\/p>\n<p class=\"p1\"><span class=\"s1\"><\/span><\/p>\n<p class=\"p1\"><span class=\"s1\"><\/span><\/p>\n<p>[\/et_pb_text][et_pb_gallery gallery_ids=&#8220;5387,5388,5336&#8243; fullwidth=&#8220;on&#8220; _builder_version=&#8220;4.20.0&#8243; _module_preset=&#8220;default&#8220; background_color=&#8220;RGBA(0,0,0,0)&#8220; width=&#8220;66%&#8220; width_tablet=&#8220;&#8220; width_phone=&#8220;91%&#8220; width_last_edited=&#8220;on|phone&#8220; module_alignment=&#8220;center&#8220; animation_style=&#8220;fade&#8220; auto=&#8220;on&#8220; auto_speed=&#8220;3000&#8243; box_shadow_style=&#8220;preset2&#8243; global_colors_info=&#8220;{}&#8220;][\/et_pb_gallery][\/et_pb_column][\/et_pb_row][\/et_pb_section][et_pb_section fb_built=&#8220;1&#8243; _builder_version=&#8220;4.16&#8243; _module_preset=&#8220;default&#8220; custom_padding=&#8220;0px||1px|||&#8220; global_colors_info=&#8220;{}&#8220;][et_pb_row _builder_version=&#8220;4.16&#8243; _module_preset=&#8220;default&#8220; animation_style=&#8220;fade&#8220; global_colors_info=&#8220;{}&#8220;][et_pb_column type=&#8220;4_4&#8243; _builder_version=&#8220;4.16&#8243; _module_preset=&#8220;default&#8220; global_colors_info=&#8220;{}&#8220;][et_pb_text _builder_version=&#8220;4.16&#8243; _module_preset=&#8220;default&#8220; global_colors_info=&#8220;{}&#8220;]<\/p>\n<h3 class=\"p1\"><span style=\"text-decoration: underline;\"><span class=\"s1\">Pr\u00e4nataldiagnostik und Dysplasiesprechstunde<\/span><\/span><\/h3>\n<p>&nbsp;<\/p>\n<h3 class=\"p1\"><em><span class=\"s1\">\u2013 <\/span><span class=\"s1\">wir begleiten Sie spezialisiert in der Schwangerschaft und der Krebsvorsorge<\/span><\/em><\/h3>\n<p><span class=\"s1\"><\/span><\/p>\n<p><span style=\"text-decoration: underline;\"><span class=\"s1\"><b><\/b><\/span><\/span><\/p>\n<p class=\"p3\"><span class=\"s1\">Wir betreuen Sie gerne als Ihre Frauen\u00e4rztinnen vor Ort bei den routinem\u00e4\u00dfigen Vorsorgen, im Rahmen der Schwangerschaft, bei Kinderwunsch, Verh\u00fctungsfragen, den unterschiedlichsten gyn\u00e4kologischen Beschwerden oder im Rahmen einer onkologischen gyn\u00e4kologischen Erkrankung.<\/span><\/p>\n<p class=\"p3\"><span class=\"s1\">Zus\u00e4tzlich bieten wir Ihnen unsere beiden Spezialsprechstunden an &#8211; auch wenn Sie nicht prim\u00e4r Patientin in unserer Praxis sind. Ihr betreuender Frauenarzt oder Ihre betreuende Frauen\u00e4rztin kann Sie gerne zu unserer <a href=\"https:\/\/frauenaerztinnen-im-hain.de\/?page_id=53\">Pr\u00e4natalsprechstunde<\/a> oder unserer <a href=\"https:\/\/frauenaerztinnen-im-hain.de\/?page_id=56\">Dysplasiesprechstunde<\/a> \u00fcberweisen.<\/span><\/p>\n<p class=\"p3\"><span class=\"s1\"><\/span><\/p>\n<p>[\/et_pb_text][\/et_pb_column][\/et_pb_row][et_pb_row column_structure=&#8220;1_2,1_2&#8243; _builder_version=&#8220;4.16&#8243; _module_preset=&#8220;default&#8220; custom_padding=&#8220;70px||70px|||&#8220; global_colors_info=&#8220;{}&#8220;][et_pb_column type=&#8220;1_2&#8243; _builder_version=&#8220;4.16&#8243; _module_preset=&#8220;default&#8220; global_colors_info=&#8220;{}&#8220;][et_pb_button button_url=&#8220;https:\/\/frauenaerztinnen-im-hain.de\/?page_id=53&#8243; button_text=&#8220;Pr\u00e4natalsprechstunde&#8220; button_alignment=&#8220;center&#8220; _builder_version=&#8220;4.16&#8243; _module_preset=&#8220;default&#8220; global_colors_info=&#8220;{}&#8220;][\/et_pb_button][\/et_pb_column][et_pb_column type=&#8220;1_2&#8243; _builder_version=&#8220;4.16&#8243; _module_preset=&#8220;default&#8220; global_colors_info=&#8220;{}&#8220;][et_pb_button button_url=&#8220;https:\/\/frauenaerztinnen-im-hain.de\/?page_id=56&#8243; button_text=&#8220;Dysplasiesprechstunde&#8220; button_alignment=&#8220;center&#8220; _builder_version=&#8220;4.16&#8243; _module_preset=&#8220;default&#8220; global_colors_info=&#8220;{}&#8220;][\/et_pb_button][\/et_pb_column][\/et_pb_row][\/et_pb_section][et_pb_section fb_built=&#8220;1&#8243; _builder_version=&#8220;4.16&#8243; _module_preset=&#8220;default&#8220; custom_padding=&#8220;1px|||||&#8220; global_colors_info=&#8220;{}&#8220;][et_pb_row _builder_version=&#8220;4.16&#8243; _module_preset=&#8220;default&#8220; global_colors_info=&#8220;{}&#8220;][et_pb_column type=&#8220;4_4&#8243; _builder_version=&#8220;4.16&#8243; _module_preset=&#8220;default&#8220; global_colors_info=&#8220;{}&#8220;][et_pb_image src=&#8220;https:\/\/frauenaerztinnen-im-hain.de\/wp-content\/uploads\/2021\/11\/machen_3-1.png&#8220; title_text=&#8220;machen_3&#8243; _builder_version=&#8220;4.16&#8243; _module_preset=&#8220;default&#8220; global_colors_info=&#8220;{}&#8220;][\/et_pb_image][\/et_pb_column][\/et_pb_row][\/et_pb_section][et_pb_section fb_built=&#8220;1&#8243; _builder_version=&#8220;4.16&#8243; _module_preset=&#8220;default&#8220; width=&#8220;100%&#8220; custom_padding=&#8220;0px||4px|||&#8220; global_colors_info=&#8220;{}&#8220;][et_pb_row _builder_version=&#8220;4.16&#8243; _module_preset=&#8220;default&#8220; global_colors_info=&#8220;{}&#8220;][et_pb_column type=&#8220;4_4&#8243; _builder_version=&#8220;4.16&#8243; _module_preset=&#8220;default&#8220; global_colors_info=&#8220;{}&#8220;][et_pb_gallery gallery_ids=&#8220;5378,5379,5380,5381,5382,5383,5384&#8243; fullwidth=&#8220;on&#8220; _builder_version=&#8220;4.16&#8243; _module_preset=&#8220;default&#8220; animation_style=&#8220;fade&#8220; auto=&#8220;on&#8220; auto_speed=&#8220;3000&#8243; box_shadow_style=&#8220;preset2&#8243; global_colors_info=&#8220;{}&#8220;][\/et_pb_gallery][\/et_pb_column][\/et_pb_row][\/et_pb_section][et_pb_section fb_built=&#8220;1&#8243; _builder_version=&#8220;4.16&#8243; _module_preset=&#8220;default&#8220; global_colors_info=&#8220;{}&#8220;][et_pb_row _builder_version=&#8220;4.16&#8243; _module_preset=&#8220;default&#8220; global_colors_info=&#8220;{}&#8220;][et_pb_column type=&#8220;4_4&#8243; _builder_version=&#8220;4.16&#8243; _module_preset=&#8220;default&#8220; global_colors_info=&#8220;{}&#8220;][et_pb_image src=&#8220;https:\/\/frauenaerztinnen-im-hain.de\/wp-content\/uploads\/2021\/11\/freuen_4.png&#8220; _builder_version=&#8220;4.16&#8243; _module_preset=&#8220;default&#8220; global_colors_info=&#8220;{}&#8220;][\/et_pb_image][\/et_pb_column][\/et_pb_row][\/et_pb_section][et_pb_section fb_built=&#8220;1&#8243; fullwidth=&#8220;on&#8220; _builder_version=&#8220;4.16&#8243; _module_preset=&#8220;default&#8220; locked=&#8220;off&#8220; global_colors_info=&#8220;{}&#8220;][et_pb_fullwidth_header title=&#8220; &#8220; subhead=&#8220; &#8220; _builder_version=&#8220;4.16&#8243; _module_preset=&#8220;default&#8220; background_color=&#8220;RGBA(0,0,0,0)&#8220; background_image=&#8220;https:\/\/frauenaerztinnen-im-hain.de\/wp-content\/uploads\/2021\/11\/Praxis-FiH-022_2_FUssZEILE.jpg&#8220; parallax=&#8220;on&#8220; custom_padding=&#8220;17px|||||&#8220; filter_blur=&#8220;118px&#8220; filter_blur_tablet=&#8220;80px&#8220; filter_blur_phone=&#8220;50px&#8220; filter_blur_last_edited=&#8220;on|tablet&#8220; global_colors_info=&#8220;{}&#8220; filter_blur__hover_enabled=&#8220;on|desktop&#8220; filter_blur__hover=&#8220;118px&#8220;]<\/p>\n<p>&nbsp;<\/p>\n<p>&nbsp;<\/p>\n<p>&nbsp;<\/p>\n<p>[\/et_pb_fullwidth_header][\/et_pb_section][et_pb_section fb_built=&#8220;1&#8243; _builder_version=&#8220;4.9.10&#8243; _module_preset=&#8220;default&#8220; global_module=&#8220;4445&#8243; global_colors_info=&#8220;{}&#8220;][et_pb_row _builder_version=&#8220;4.16&#8243; _module_preset=&#8220;default&#8220; animation_style=&#8220;fade&#8220; animation_duration=&#8220;1550ms&#8220; animation_delay=&#8220;150ms&#8220; global_colors_info=&#8220;{}&#8220;][et_pb_column type=&#8220;4_4&#8243; _builder_version=&#8220;4.16&#8243; _module_preset=&#8220;default&#8220; global_colors_info=&#8220;{}&#8220;][et_pb_text admin_label=&#8220;Text&#8220; _builder_version=&#8220;4.16&#8243; _module_preset=&#8220;default&#8220; min_height=&#8220;47.3px&#8220; custom_padding=&#8220;8px|||||&#8220; global_colors_info=&#8220;{}&#8220;]<\/p>\n<p>\u00a9 Frauen\u00e4rztinnen Dr. Doris Wendland, Dr. Aur\u00e9lie Meier und Dr. Franziska Ku\u00dfmann | <a href=\"https:\/\/frauenaerztinnen-im-hain.de\/?page_id=48\">Kontakt<\/a>\u00a0|\u00a0<a href=\"https:\/\/frauenaerztinnen-im-hain.de\/?page_id=5424&amp;preview=true\">Impressum<\/a>\u00a0|\u00a0<a href=\"https:\/\/frauenaerztinnen-im-hain.de\/?page_id=4441\">Datenschutzerkl\u00e4rung<\/a><\/p>\n<p>[\/et_pb_text][\/et_pb_column][\/et_pb_row][\/et_pb_section]<\/p>\n","protected":false},"excerpt":{"rendered":"<p>Liebe Patientinnen, wir haben Weihnachtsurlaub vom 22.12. &#8211; 26.12.2025.Unsere Vertretung \u00fcbernimmt: Frauen\u00e4rztin Elisabeth OettingerWilly-Lessing-Stra\u00dfe 196047 BambergTelefon: 0951\/9184430 Am Wochenende und an den Feiertagen k\u00f6nnen Sie sich in dringenden Notf\u00e4llen unter der Telefonnummer 116 117 beim gyn\u00e4kologischen Bereitschaftsdienst melden. Wir w\u00fcnschen allen unseren Patientinnen und Ihren Familien ein entspanntes und fr\u00f6hliches Weihnachtsfest sowie einen guten Start [&hellip;]<\/p>\n","protected":false},"author":2,"featured_media":0,"parent":0,"menu_order":0,"comment_status":"closed","ping_status":"closed","template":"","meta":{"_et_pb_use_builder":"on","_et_pb_old_content":"","_et_gb_content_width":"","footnotes":""},"class_list":["post-171","page","type-page","status-publish","hentry"],"_links":{"self":[{"href":"https:\/\/frauenaerztinnen-im-hain.de\/index.php?rest_route=\/wp\/v2\/pages\/171","targetHints":{"allow":["GET"]}}],"collection":[{"href":"https:\/\/frauenaerztinnen-im-hain.de\/index.php?rest_route=\/wp\/v2\/pages"}],"about":[{"href":"https:\/\/frauenaerztinnen-im-hain.de\/index.php?rest_route=\/wp\/v2\/types\/page"}],"author":[{"embeddable":true,"href":"https:\/\/frauenaerztinnen-im-hain.de\/index.php?rest_route=\/wp\/v2\/users\/2"}],"replies":[{"embeddable":true,"href":"https:\/\/frauenaerztinnen-im-hain.de\/index.php?rest_route=%2Fwp%2Fv2%2Fcomments&post=171"}],"version-history":[{"count":159,"href":"https:\/\/frauenaerztinnen-im-hain.de\/index.php?rest_route=\/wp\/v2\/pages\/171\/revisions"}],"predecessor-version":[{"id":5712,"href":"https:\/\/frauenaerztinnen-im-hain.de\/index.php?rest_route=\/wp\/v2\/pages\/171\/revisions\/5712"}],"wp:attachment":[{"href":"https:\/\/frauenaerztinnen-im-hain.de\/index.php?rest_route=%2Fwp%2Fv2%2Fmedia&parent=171"}],"curies":[{"name":"wp","href":"https:\/\/api.w.org\/{rel}","templated":true}]}}